{"id":3,"date":"2023-08-27T22:30:36","date_gmt":"2023-08-27T20:30:36","guid":{"rendered":"https:\/\/sarahgellini.com\/?page_id=3"},"modified":"2023-10-27T17:59:37","modified_gmt":"2023-10-27T15:59:37","slug":"politique-de-confidentialite","status":"publish","type":"page","link":"https:\/\/sarahgellini.com\/index.php\/politique-de-confidentialite\/","title":{"rendered":"Politique de confidentialit\u00e9"},"content":{"rendered":"\t\t<div data-elementor-type=\"wp-page\" data-elementor-id=\"3\" class=\"elementor elementor-3\">\n\t\t\t\t\t\t<section class=\"elementor-section elementor-top-section elementor-element elementor-element-b04d071 elementor-section-boxed elementor-section-height-default elementor-section-height-default\" data-id=\"b04d071\" data-element_type=\"section\">\n\t\t\t\t\t\t<div class=\"elementor-container elementor-column-gap-default\">\n\t\t\t\t\t<div class=\"elementor-column elementor-col-100 elementor-top-column elementor-element elementor-element-ea7f476\" data-id=\"ea7f476\" data-element_type=\"column\">\n\t\t\t<div class=\"elementor-widget-wrap elementor-element-populated\">\n\t\t\t\t\t\t<div class=\"elementor-element elementor-element-ddab8d0 elementor-widget elementor-widget-heading\" data-id=\"ddab8d0\" data-element_type=\"widget\" data-widget_type=\"heading.default\">\n\t\t\t\t<div class=\"elementor-widget-container\">\n\t\t\t\t\t<h2 class=\"elementor-heading-title elementor-size-default\">Politique de confidentialit\u00e9<\/h2>\t\t\t\t<\/div>\n\t\t\t\t<\/div>\n\t\t\t\t<div class=\"elementor-element elementor-element-c057058 elementor-widget elementor-widget-text-editor\" data-id=\"c057058\" data-element_type=\"widget\" data-widget_type=\"text-editor.default\">\n\t\t\t\t<div class=\"elementor-widget-container\">\n\t\t\t\t\t\t\t\t\t<p>Sarah Gellini attache une grande importance \u00e0 la protection de la vie priv\u00e9e et des donn\u00e9es personnelles.<\/p>\n<p>Conform\u00e9ment au r\u00e8glement europ\u00e9en 2016\/679 du 26 avril 2016 et \u00e0 la loi \u00ab informatique et libert\u00e9s \u00bb du 6 janvier 1978 modifi\u00e9e,&nbsp;<span style=\"font-family: Roboto, sans-serif; font-size: 16px; font-style: normal; font-variant-ligatures: normal; font-variant-caps: normal; font-weight: 400;\">Sarah Gellini<\/span>&nbsp;prend des engagements forts \u00e0 l\u2019\u00e9gard des personnes concern\u00e9es.<\/p>\n<p>Il est rappel\u00e9 que toutes les informations collect\u00e9es sur le Site sont enregistr\u00e9es par&nbsp;<span style=\"font-family: Roboto, sans-serif; font-size: 16px; font-style: normal; font-variant-ligatures: normal; font-variant-caps: normal; font-weight: 400;\">Sarah Gellini<\/span>, responsable du traitement.<\/p>\t\t\t\t\t\t\t\t<\/div>\n\t\t\t\t<\/div>\n\t\t\t\t<div class=\"elementor-element elementor-element-fd81a9c elementor-widget elementor-widget-heading\" data-id=\"fd81a9c\" data-element_type=\"widget\" data-widget_type=\"heading.default\">\n\t\t\t\t<div class=\"elementor-widget-container\">\n\t\t\t\t\t<h3 class=\"elementor-heading-title elementor-size-default\">Finalit\u00e9 des traitements<\/h3>\t\t\t\t<\/div>\n\t\t\t\t<\/div>\n\t\t\t\t<div class=\"elementor-element elementor-element-7bc8888 elementor-widget elementor-widget-text-editor\" data-id=\"7bc8888\" data-element_type=\"widget\" data-widget_type=\"text-editor.default\">\n\t\t\t\t<div class=\"elementor-widget-container\">\n\t\t\t\t\t\t\t\t\t<p>Chaque collecte de donn\u00e9es est r\u00e9alis\u00e9e sp\u00e9cifiquement pour des finalit\u00e9s explicites et vis\u00e9es clairement sur la page du Site o\u00f9 les donn\u00e9es sont collect\u00e9es. A ce titre, il est rappel\u00e9 que, en ce qui concerne la gestion de votre demande, les finalit\u00e9s de collecte et de traitement sont la gestion de votre demande et l\u2019am\u00e9lioration des produits ou des prestations.<\/p><p>La base juridique de ce traitement est l\u2019ex\u00e9cution d\u2019un contrat (article 6.1.b du r\u00e8glement europ\u00e9en);<\/p><p><span style=\"font-family: Roboto, sans-serif; font-size: 16px; font-style: normal; font-variant-ligatures: normal; font-variant-caps: normal; font-weight: 400;\">Sarah Gellini<\/span>\u00a0se r\u00e9serve la facult\u00e9 de cr\u00e9er des moyens de collecte suppl\u00e9mentaires et\/ou compl\u00e9mentaires. A ce titre,\u00a0<span style=\"font-family: Roboto, sans-serif; font-size: 16px; font-style: normal; font-variant-ligatures: normal; font-variant-caps: normal; font-weight: 400;\">Sarah Gellini<\/span>\u00a0pr\u00e9cisera, conform\u00e9ment \u00e0 la r\u00e9glementation, les finalit\u00e9s propres au traitement concern\u00e9 sur la page de collecte des donn\u00e9es.<\/p><p><span style=\"font-family: Roboto, sans-serif; font-size: 16px; font-style: normal; font-variant-ligatures: normal; font-variant-caps: normal; font-weight: 400;\">Sarah Gellini<\/span>\u00a0se r\u00e9serve la facult\u00e9 de cr\u00e9er des moyens de collecte suppl\u00e9mentaires et\/ou compl\u00e9mentaires. A ce titre,\u00a0<span style=\"font-family: Roboto, sans-serif; font-size: 16px; font-style: normal; font-variant-ligatures: normal; font-variant-caps: normal; font-weight: 400;\">Sarah Gellini<\/span>\u00a0pr\u00e9cisera, conform\u00e9ment \u00e0 la r\u00e9glementation, les finalit\u00e9s propres au traitement concern\u00e9 sur la page de collecte des donn\u00e9es.<\/p>\t\t\t\t\t\t\t\t<\/div>\n\t\t\t\t<\/div>\n\t\t\t\t<div class=\"elementor-element elementor-element-d6a3b5d elementor-widget elementor-widget-heading\" data-id=\"d6a3b5d\" data-element_type=\"widget\" data-widget_type=\"heading.default\">\n\t\t\t\t<div class=\"elementor-widget-container\">\n\t\t\t\t\t<h3 class=\"elementor-heading-title elementor-size-default\">Destinataire des traitements<\/h3>\t\t\t\t<\/div>\n\t\t\t\t<\/div>\n\t\t\t\t<div class=\"elementor-element elementor-element-502a884 elementor-widget elementor-widget-text-editor\" data-id=\"502a884\" data-element_type=\"widget\" data-widget_type=\"text-editor.default\">\n\t\t\t\t<div class=\"elementor-widget-container\">\n\t\t\t\t\t\t\t\t\t<p>Les seuls destinataires des donn\u00e9es sont les \u00e9quipes de\u00a0<span style=\"font-family: Roboto, sans-serif; font-size: 16px; font-style: normal; font-variant-ligatures: normal; font-variant-caps: normal; font-weight: 400;\">Sarah Gellini<\/span>,<\/p><p>Les transmissions de donn\u00e9es personnelles avec les destinataires (quelle que soit leur nature juridique, sous-traitant, responsable de traitement ou simple destinataire) sont r\u00e9alis\u00e9es de mani\u00e8re s\u00e9curis\u00e9e et en application d\u2019un accord entre\u00a0<span style=\"font-family: Roboto, sans-serif; font-size: 16px; font-style: normal; font-variant-ligatures: normal; font-variant-caps: normal; font-weight: 400;\">Sarah Gellini<\/span>\u00a0et chaque destinataire.\u00a0<span style=\"font-family: Roboto, sans-serif; font-size: 16px; font-style: normal; font-variant-ligatures: normal; font-variant-caps: normal; font-weight: 400;\">Sarah Gellini<\/span>\u00a0s\u2019engage \u00e0 ce que chaque destinataire connaisse les principes directeurs de la protection des donn\u00e9es personnelles et y soient soumis en application de la loi et\/ou d\u2019un contrat sp\u00e9cifique.<\/p>\t\t\t\t\t\t\t\t<\/div>\n\t\t\t\t<\/div>\n\t\t\t\t<div class=\"elementor-element elementor-element-fad74d3 elementor-widget elementor-widget-heading\" data-id=\"fad74d3\" data-element_type=\"widget\" data-widget_type=\"heading.default\">\n\t\t\t\t<div class=\"elementor-widget-container\">\n\t\t\t\t\t<h3 class=\"elementor-heading-title elementor-size-default\">Conservation de vos donn\u00e9es personnelles<\/h3>\t\t\t\t<\/div>\n\t\t\t\t<\/div>\n\t\t\t\t<div class=\"elementor-element elementor-element-38141b5 elementor-widget elementor-widget-text-editor\" data-id=\"38141b5\" data-element_type=\"widget\" data-widget_type=\"text-editor.default\">\n\t\t\t\t<div class=\"elementor-widget-container\">\n\t\t\t\t\t\t\t\t\t<p><span style=\"font-family: Roboto, sans-serif; font-size: 16px; font-style: normal; font-variant-ligatures: normal; font-variant-caps: normal; font-weight: 400;\">Sarah Gellini<\/span>\u00a0prend le soin de stocker vos donn\u00e9es personnelles \u00e0 l\u2019int\u00e9rieur de l\u2019Union europ\u00e9enne aupr\u00e8s d\u2019h\u00e9bergeurs qui sont soumis \u00e0 la r\u00e9glementation europ\u00e9enne relative \u00e0 la protection des donn\u00e9es personnelles. Vos donn\u00e9es personnelles sont ainsi conserv\u00e9es, par\u00a0<span style=\"font-family: Roboto, sans-serif; font-size: 16px; font-style: normal; font-variant-ligatures: normal; font-variant-caps: normal; font-weight: 400;\">Sarah Gellini<\/span>\u00a0de mani\u00e8re s\u00e9curis\u00e9e et conform\u00e9ment \u00e0 la r\u00e9glementation.<\/p><p>Les dur\u00e9es de conservation pratiqu\u00e9es par\u00a0<span style=\"font-family: Roboto, sans-serif; font-size: 16px; font-style: normal; font-variant-ligatures: normal; font-variant-caps: normal; font-weight: 400;\">Sarah Gellini<\/span>\u00a0respectent la r\u00e9glementation applicable au jour des pr\u00e9sentes, \u00e0 savoir pour les donn\u00e9es relatives \u00e0 l\u2019entr\u00e9e en relation avec\u00a0<span style=\"font-family: Roboto, sans-serif; font-size: 16px; font-style: normal; font-variant-ligatures: normal; font-variant-caps: normal; font-weight: 400;\">Sarah Gellini<\/span>, pour une dur\u00e9e de 3 ans \u00e0 compter de votre demande.<\/p><p><span style=\"font-family: Roboto, sans-serif; font-size: 16px; font-style: normal; font-variant-ligatures: normal; font-variant-caps: normal; font-weight: 400;\">Sarah Gellini<\/span>\u00a0se r\u00e9serve la facult\u00e9 de cr\u00e9er des moyens de collecte suppl\u00e9mentaires et\/ou compl\u00e9mentaires. A ce titre,\u00a0<span style=\"font-family: Roboto, sans-serif; font-size: 16px; font-style: normal; font-variant-ligatures: normal; font-variant-caps: normal; font-weight: 400;\">Sarah Gellini<\/span>\u00a0pr\u00e9cisera, conform\u00e9ment \u00e0 la r\u00e9glementation, les dur\u00e9es de conservation propres au traitement concern\u00e9 sur la page de collecte des donn\u00e9es.<\/p>\t\t\t\t\t\t\t\t<\/div>\n\t\t\t\t<\/div>\n\t\t\t\t<div class=\"elementor-element elementor-element-784bfbd elementor-widget elementor-widget-heading\" data-id=\"784bfbd\" data-element_type=\"widget\" data-widget_type=\"heading.default\">\n\t\t\t\t<div class=\"elementor-widget-container\">\n\t\t\t\t\t<h3 class=\"elementor-heading-title elementor-size-default\">Vos droits<\/h3>\t\t\t\t<\/div>\n\t\t\t\t<\/div>\n\t\t\t\t<div class=\"elementor-element elementor-element-f78c185 elementor-widget elementor-widget-text-editor\" data-id=\"f78c185\" data-element_type=\"widget\" data-widget_type=\"text-editor.default\">\n\t\t\t\t<div class=\"elementor-widget-container\">\n\t\t\t\t\t\t\t\t\t<p>Vous disposez des droits suivants :<\/p>\n<ul>\n<li>Droit d\u2019acc\u00e8s \u00e0 vos donn\u00e9es personnelles;<\/li>\n<li>Droit de rectification de vos donn\u00e9es personnelles si elles sont inexactes ou incompl\u00e8tes ;<\/li>\n<li>Droit de limitation dans les conditions vis\u00e9es \u00e0 l\u2019article 18 du r\u00e8glement europ\u00e9en ;<\/li>\n<li>Droit d\u2019effacement de vos donn\u00e9es personnelles si : Vous retirez votre consentement pour ce qui concerne les traitements soumis \u00e0 consentement (ex : prospection commerciale) ; Vous vous opposez valablement au traitement ; Elles ont fait l\u2019objet d\u2019un traitement illicite ; Ou une loi l\u2019oblige.<\/li><li>Droit d\u2019opposition pour motif l\u00e9gitime,<\/li><li>Droit \u00e0 la portabilit\u00e9 de vos donn\u00e9es.<\/li>\n<\/ul>\t\t\t\t\t\t\t\t<\/div>\n\t\t\t\t<\/div>\n\t\t\t\t\t<\/div>\n\t\t<\/div>\n\t\t\t\t\t<\/div>\n\t\t<\/section>\n\t\t\t\t<\/div>\n\t\t","protected":false},"excerpt":{"rendered":"<p>Politique de confidentialit\u00e9 Sarah Gellini attache une grande importance \u00e0 la protection de la vie priv\u00e9e et des donn\u00e9es personnelles. Conform\u00e9ment au r\u00e8glement europ\u00e9en 2016\/679 du 26 avril 2016 et \u00e0 la loi \u00ab informatique et libert\u00e9s \u00bb du 6 janvier 1978 modifi\u00e9e,&nbsp;Sarah Gellini&nbsp;prend des engagements forts \u00e0 l\u2019\u00e9gard des personnes concern\u00e9es. Il est rappel\u00e9 [&hellip;]<\/p>\n","protected":false},"author":1,"featured_media":0,"parent":0,"menu_order":0,"comment_status":"closed","ping_status":"open","template":"","meta":{"footnotes":""},"yoast_head":"<!-- This site is optimized with the Yoast SEO plugin v24.5 - https:\/\/yoast.com\/wordpress\/plugins\/seo\/ -->\n<title>Politique de confidentialit\u00e9 - Sarah Gellini<\/title>\n<meta name=\"robots\" content=\"index, follow, max-snippet:-1, max-image-preview:large, max-video-preview:-1\" \/>\n<link rel=\"canonical\" href=\"https:\/\/sarahgellini.com\/index.php\/politique-de-confidentialite\/\" \/>\n<meta property=\"og:locale\" content=\"fr_FR\" \/>\n<meta property=\"og:type\" content=\"article\" \/>\n<meta property=\"og:title\" content=\"Politique de confidentialit\u00e9 - Sarah Gellini\" \/>\n<meta property=\"og:description\" content=\"Politique de confidentialit\u00e9 Sarah Gellini attache une grande importance \u00e0 la protection de la vie priv\u00e9e et des donn\u00e9es personnelles. Conform\u00e9ment au r\u00e8glement europ\u00e9en 2016\/679 du 26 avril 2016 et \u00e0 la loi \u00ab informatique et libert\u00e9s \u00bb du 6 janvier 1978 modifi\u00e9e,&nbsp;Sarah Gellini&nbsp;prend des engagements forts \u00e0 l\u2019\u00e9gard des personnes concern\u00e9es. Il est rappel\u00e9 [&hellip;]\" \/>\n<meta property=\"og:url\" content=\"https:\/\/sarahgellini.com\/index.php\/politique-de-confidentialite\/\" \/>\n<meta property=\"og:site_name\" content=\"Sarah Gellini\" \/>\n<meta property=\"article:publisher\" content=\"https:\/\/www.facebook.com\/sarah.gellini\" \/>\n<meta property=\"article:modified_time\" content=\"2023-10-27T15:59:37+00:00\" \/>\n<meta name=\"twitter:card\" content=\"summary_large_image\" \/>\n<meta name=\"twitter:label1\" content=\"Dur\u00e9e de lecture estim\u00e9e\" \/>\n\t<meta name=\"twitter:data1\" content=\"3 minutes\" \/>\n<script type=\"application\/ld+json\" class=\"yoast-schema-graph\">{\"@context\":\"https:\/\/schema.org\",\"@graph\":[{\"@type\":\"WebPage\",\"@id\":\"https:\/\/sarahgellini.com\/index.php\/politique-de-confidentialite\/\",\"url\":\"https:\/\/sarahgellini.com\/index.php\/politique-de-confidentialite\/\",\"name\":\"Politique de confidentialit\u00e9 - Sarah Gellini\",\"isPartOf\":{\"@id\":\"https:\/\/sarahgellini.com\/#website\"},\"datePublished\":\"2023-08-27T20:30:36+00:00\",\"dateModified\":\"2023-10-27T15:59:37+00:00\",\"breadcrumb\":{\"@id\":\"https:\/\/sarahgellini.com\/index.php\/politique-de-confidentialite\/#breadcrumb\"},\"inLanguage\":\"fr-FR\",\"potentialAction\":[{\"@type\":\"ReadAction\",\"target\":[\"https:\/\/sarahgellini.com\/index.php\/politique-de-confidentialite\/\"]}]},{\"@type\":\"BreadcrumbList\",\"@id\":\"https:\/\/sarahgellini.com\/index.php\/politique-de-confidentialite\/#breadcrumb\",\"itemListElement\":[{\"@type\":\"ListItem\",\"position\":1,\"name\":\"Accueil\",\"item\":\"https:\/\/sarahgellini.com\/\"},{\"@type\":\"ListItem\",\"position\":2,\"name\":\"Politique de confidentialit\u00e9\"}]},{\"@type\":\"WebSite\",\"@id\":\"https:\/\/sarahgellini.com\/#website\",\"url\":\"https:\/\/sarahgellini.com\/\",\"name\":\"Sarah Gellini\",\"description\":\"Chanteuse-auteure-interpr\u00e8te - Chansons fran\u00e7aises et italiennes\",\"publisher\":{\"@id\":\"https:\/\/sarahgellini.com\/#organization\"},\"potentialAction\":[{\"@type\":\"SearchAction\",\"target\":{\"@type\":\"EntryPoint\",\"urlTemplate\":\"https:\/\/sarahgellini.com\/?s={search_term_string}\"},\"query-input\":{\"@type\":\"PropertyValueSpecification\",\"valueRequired\":true,\"valueName\":\"search_term_string\"}}],\"inLanguage\":\"fr-FR\"},{\"@type\":\"Organization\",\"@id\":\"https:\/\/sarahgellini.com\/#organization\",\"name\":\"Sarah Gellini\",\"url\":\"https:\/\/sarahgellini.com\/\",\"logo\":{\"@type\":\"ImageObject\",\"inLanguage\":\"fr-FR\",\"@id\":\"https:\/\/sarahgellini.com\/#\/schema\/logo\/image\/\",\"url\":\"https:\/\/sarahgellini.com\/wp-content\/uploads\/2023\/09\/Sarah-Gellini_white_high-res-copie-scaled.webp\",\"contentUrl\":\"https:\/\/sarahgellini.com\/wp-content\/uploads\/2023\/09\/Sarah-Gellini_white_high-res-copie-scaled.webp\",\"width\":2560,\"height\":1707,\"caption\":\"Sarah Gellini\"},\"image\":{\"@id\":\"https:\/\/sarahgellini.com\/#\/schema\/logo\/image\/\"},\"sameAs\":[\"https:\/\/www.facebook.com\/sarah.gellini\",\"https:\/\/www.instagram.com\/sarah_gellini\/\",\"https:\/\/www.youtube.com\/@sarahgellini\",\"https:\/\/www.tiktok.com\/@sarahgellini\"]}]}<\/script>\n<!-- \/ Yoast SEO plugin. -->","yoast_head_json":{"title":"Politique de confidentialit\u00e9 - Sarah Gellini","robots":{"index":"index","follow":"follow","max-snippet":"max-snippet:-1","max-image-preview":"max-image-preview:large","max-video-preview":"max-video-preview:-1"},"canonical":"https:\/\/sarahgellini.com\/index.php\/politique-de-confidentialite\/","og_locale":"fr_FR","og_type":"article","og_title":"Politique de confidentialit\u00e9 - Sarah Gellini","og_description":"Politique de confidentialit\u00e9 Sarah Gellini attache une grande importance \u00e0 la protection de la vie priv\u00e9e et des donn\u00e9es personnelles. Conform\u00e9ment au r\u00e8glement europ\u00e9en 2016\/679 du 26 avril 2016 et \u00e0 la loi \u00ab informatique et libert\u00e9s \u00bb du 6 janvier 1978 modifi\u00e9e,&nbsp;Sarah Gellini&nbsp;prend des engagements forts \u00e0 l\u2019\u00e9gard des personnes concern\u00e9es. Il est rappel\u00e9 [&hellip;]","og_url":"https:\/\/sarahgellini.com\/index.php\/politique-de-confidentialite\/","og_site_name":"Sarah Gellini","article_publisher":"https:\/\/www.facebook.com\/sarah.gellini","article_modified_time":"2023-10-27T15:59:37+00:00","twitter_card":"summary_large_image","twitter_misc":{"Dur\u00e9e de lecture estim\u00e9e":"3 minutes"},"schema":{"@context":"https:\/\/schema.org","@graph":[{"@type":"WebPage","@id":"https:\/\/sarahgellini.com\/index.php\/politique-de-confidentialite\/","url":"https:\/\/sarahgellini.com\/index.php\/politique-de-confidentialite\/","name":"Politique de confidentialit\u00e9 - Sarah Gellini","isPartOf":{"@id":"https:\/\/sarahgellini.com\/#website"},"datePublished":"2023-08-27T20:30:36+00:00","dateModified":"2023-10-27T15:59:37+00:00","breadcrumb":{"@id":"https:\/\/sarahgellini.com\/index.php\/politique-de-confidentialite\/#breadcrumb"},"inLanguage":"fr-FR","potentialAction":[{"@type":"ReadAction","target":["https:\/\/sarahgellini.com\/index.php\/politique-de-confidentialite\/"]}]},{"@type":"BreadcrumbList","@id":"https:\/\/sarahgellini.com\/index.php\/politique-de-confidentialite\/#breadcrumb","itemListElement":[{"@type":"ListItem","position":1,"name":"Accueil","item":"https:\/\/sarahgellini.com\/"},{"@type":"ListItem","position":2,"name":"Politique de confidentialit\u00e9"}]},{"@type":"WebSite","@id":"https:\/\/sarahgellini.com\/#website","url":"https:\/\/sarahgellini.com\/","name":"Sarah Gellini","description":"Chanteuse-auteure-interpr\u00e8te - Chansons fran\u00e7aises et italiennes","publisher":{"@id":"https:\/\/sarahgellini.com\/#organization"},"potentialAction":[{"@type":"SearchAction","target":{"@type":"EntryPoint","urlTemplate":"https:\/\/sarahgellini.com\/?s={search_term_string}"},"query-input":{"@type":"PropertyValueSpecification","valueRequired":true,"valueName":"search_term_string"}}],"inLanguage":"fr-FR"},{"@type":"Organization","@id":"https:\/\/sarahgellini.com\/#organization","name":"Sarah Gellini","url":"https:\/\/sarahgellini.com\/","logo":{"@type":"ImageObject","inLanguage":"fr-FR","@id":"https:\/\/sarahgellini.com\/#\/schema\/logo\/image\/","url":"https:\/\/sarahgellini.com\/wp-content\/uploads\/2023\/09\/Sarah-Gellini_white_high-res-copie-scaled.webp","contentUrl":"https:\/\/sarahgellini.com\/wp-content\/uploads\/2023\/09\/Sarah-Gellini_white_high-res-copie-scaled.webp","width":2560,"height":1707,"caption":"Sarah Gellini"},"image":{"@id":"https:\/\/sarahgellini.com\/#\/schema\/logo\/image\/"},"sameAs":["https:\/\/www.facebook.com\/sarah.gellini","https:\/\/www.instagram.com\/sarah_gellini\/","https:\/\/www.youtube.com\/@sarahgellini","https:\/\/www.tiktok.com\/@sarahgellini"]}]}},"_links":{"self":[{"href":"https:\/\/sarahgellini.com\/index.php\/wp-json\/wp\/v2\/pages\/3"}],"collection":[{"href":"https:\/\/sarahgellini.com\/index.php\/wp-json\/wp\/v2\/pages"}],"about":[{"href":"https:\/\/sarahgellini.com\/index.php\/wp-json\/wp\/v2\/types\/page"}],"author":[{"embeddable":true,"href":"https:\/\/sarahgellini.com\/index.php\/wp-json\/wp\/v2\/users\/1"}],"replies":[{"embeddable":true,"href":"https:\/\/sarahgellini.com\/index.php\/wp-json\/wp\/v2\/comments?post=3"}],"version-history":[{"count":7,"href":"https:\/\/sarahgellini.com\/index.php\/wp-json\/wp\/v2\/pages\/3\/revisions"}],"predecessor-version":[{"id":667,"href":"https:\/\/sarahgellini.com\/index.php\/wp-json\/wp\/v2\/pages\/3\/revisions\/667"}],"wp:attachment":[{"href":"https:\/\/sarahgellini.com\/index.php\/wp-json\/wp\/v2\/media?parent=3"}],"curies":[{"name":"wp","href":"https:\/\/api.w.org\/{rel}","templated":true}]}}