{"id":873,"date":"2023-11-01T17:58:22","date_gmt":"2023-11-01T16:58:22","guid":{"rendered":"https:\/\/sarahgellini.com\/?page_id=873"},"modified":"2023-11-01T18:01:28","modified_gmt":"2023-11-01T17:01:28","slug":"politica-sulla-privacy","status":"publish","type":"page","link":"https:\/\/sarahgellini.com\/index.php\/it\/politica-sulla-privacy\/","title":{"rendered":"Politica sulla privacy"},"content":{"rendered":"\t\t<div data-elementor-type=\"wp-page\" data-elementor-id=\"873\" class=\"elementor elementor-873\">\n\t\t\t\t\t\t<section class=\"elementor-section elementor-top-section elementor-element elementor-element-b04d071 elementor-section-boxed elementor-section-height-default elementor-section-height-default\" data-id=\"b04d071\" data-element_type=\"section\">\n\t\t\t\t\t\t<div class=\"elementor-container elementor-column-gap-default\">\n\t\t\t\t\t<div class=\"elementor-column elementor-col-100 elementor-top-column elementor-element elementor-element-ea7f476\" data-id=\"ea7f476\" data-element_type=\"column\">\n\t\t\t<div class=\"elementor-widget-wrap elementor-element-populated\">\n\t\t\t\t\t\t<div class=\"elementor-element elementor-element-ddab8d0 elementor-widget elementor-widget-heading\" data-id=\"ddab8d0\" data-element_type=\"widget\" data-widget_type=\"heading.default\">\n\t\t\t\t<div class=\"elementor-widget-container\">\n\t\t\t\t\t<h2 class=\"elementor-heading-title elementor-size-default\">Politica sulla privacy<\/h2>\t\t\t\t<\/div>\n\t\t\t\t<\/div>\n\t\t\t\t<div class=\"elementor-element elementor-element-c057058 elementor-widget elementor-widget-text-editor\" data-id=\"c057058\" data-element_type=\"widget\" data-widget_type=\"text-editor.default\">\n\t\t\t\t<div class=\"elementor-widget-container\">\n\t\t\t\t\t\t\t\t\t<p>Sarah Gellini attribuisce grande importanza alla protezione della privacy e dei dati personali.<\/p><p>Conformemente al regolamento europeo 2016\/679 del 26 aprile 2016 e alla legge \u00ab\u00a0Informatica e libert\u00e0\u00a0\u00bb del 6 gennaio 1978, modificata, Sarah Gellini assume forti impegni nei confronti delle persone interessate.<\/p><p>Si ricorda che tutte le informazioni raccolte sul Sito sono registrate da Sarah Gellini, responsabile del trattamento.<\/p>\t\t\t\t\t\t\t\t<\/div>\n\t\t\t\t<\/div>\n\t\t\t\t<div class=\"elementor-element elementor-element-fd81a9c elementor-widget elementor-widget-heading\" data-id=\"fd81a9c\" data-element_type=\"widget\" data-widget_type=\"heading.default\">\n\t\t\t\t<div class=\"elementor-widget-container\">\n\t\t\t\t\t<h3 class=\"elementor-heading-title elementor-size-default\">Finalit\u00e0 dei trattamenti<\/h3>\t\t\t\t<\/div>\n\t\t\t\t<\/div>\n\t\t\t\t<div class=\"elementor-element elementor-element-7bc8888 elementor-widget elementor-widget-text-editor\" data-id=\"7bc8888\" data-element_type=\"widget\" data-widget_type=\"text-editor.default\">\n\t\t\t\t<div class=\"elementor-widget-container\">\n\t\t\t\t\t\t\t\t\t<p>Ogni raccolta di dati viene effettuata specificamente per scopi espliciti e chiaramente indicati sulla pagina del Sito in cui vengono raccolti i dati. A questo proposito, si ricorda che, per quanto riguarda la gestione della vostra richiesta, gli scopi della raccolta e del trattamento sono la gestione della vostra richiesta e il miglioramento dei prodotti o dei servizi.<\/p><p>La base giuridica di questo trattamento \u00e8 l&rsquo;esecuzione di un contratto (Articolo 6.1.b del regolamento europeo);<\/p><p>Sarah Gellini si riserva il diritto di creare metodi di raccolta di dati aggiuntivi e\/o complementari. A tal riguardo, Sarah Gellini specificher\u00e0, in conformit\u00e0 alla normativa, le finalit\u00e0 specifiche del trattamento interessato sulla pagina di raccolta dei dati.<\/p><p>Sarah Gellini si riserva il diritto di creare metodi di raccolta di dati aggiuntivi e\/o complementari. A tal riguardo, Sarah Gellini specificher\u00e0, in conformit\u00e0 alla normativa, le finalit\u00e0 specifiche del trattamento interessato sulla pagina di raccolta dei dati.<\/p>\t\t\t\t\t\t\t\t<\/div>\n\t\t\t\t<\/div>\n\t\t\t\t<div class=\"elementor-element elementor-element-d6a3b5d elementor-widget elementor-widget-heading\" data-id=\"d6a3b5d\" data-element_type=\"widget\" data-widget_type=\"heading.default\">\n\t\t\t\t<div class=\"elementor-widget-container\">\n\t\t\t\t\t<h3 class=\"elementor-heading-title elementor-size-default\">Destinatario dei trattamenti<\/h3>\t\t\t\t<\/div>\n\t\t\t\t<\/div>\n\t\t\t\t<div class=\"elementor-element elementor-element-502a884 elementor-widget elementor-widget-text-editor\" data-id=\"502a884\" data-element_type=\"widget\" data-widget_type=\"text-editor.default\">\n\t\t\t\t<div class=\"elementor-widget-container\">\n\t\t\t\t\t\t\t\t\t<p>I soli destinatari dei dati sono le squadre di Sarah Gellini.<\/p><p>Le trasmissioni di dati personali ai destinatari (indipendentemente dalla loro natura giuridica, sotto-trattante, responsabile del trattamento o semplice destinatario) sono effettuate in modo sicuro e in base a un accordo tra Sarah Gellini e ciascun destinatario. Sarah Gellini si impegna ad assicurare che ogni destinatario sia a conoscenza dei principi guida sulla protezione dei dati personali e sia vincolato dalla legge e\/o da un contratto specifico.<\/p>\t\t\t\t\t\t\t\t<\/div>\n\t\t\t\t<\/div>\n\t\t\t\t<div class=\"elementor-element elementor-element-fad74d3 elementor-widget elementor-widget-heading\" data-id=\"fad74d3\" data-element_type=\"widget\" data-widget_type=\"heading.default\">\n\t\t\t\t<div class=\"elementor-widget-container\">\n\t\t\t\t\t<h3 class=\"elementor-heading-title elementor-size-default\">Conservazione dei vostri dati personali<\/h3>\t\t\t\t<\/div>\n\t\t\t\t<\/div>\n\t\t\t\t<div class=\"elementor-element elementor-element-38141b5 elementor-widget elementor-widget-text-editor\" data-id=\"38141b5\" data-element_type=\"widget\" data-widget_type=\"text-editor.default\">\n\t\t\t\t<div class=\"elementor-widget-container\">\n\t\t\t\t\t\t\t\t\t<p>Sarah Gellini si prende cura di conservare i vostri dati personali all&rsquo;interno dell&rsquo;Unione Europea presso fornitori di hosting che sono soggetti alla normativa europea relativa alla protezione dei dati personali. Pertanto, i vostri dati personali vengono conservati da Sarah Gellini in modo sicuro e in conformit\u00e0 alla normativa.<\/p><p>I periodi di conservazione praticati da Sarah Gellini sono conformi alla normativa vigente alla data delle presenti condizioni, ossia per i dati relativi all&rsquo;instaurazione di relazioni con Sarah Gellini, per una durata di 3 anni dalla vostra richiesta.<\/p><p>Sarah Gellini si riserva il diritto di creare metodi di raccolta dati aggiuntivi e\/o complementari. A tal proposito, Sarah Gellini specificher\u00e0, in conformit\u00e0 alla normativa, i periodi di conservazione specifici per il trattamento in questione sulla pagina di raccolta dei dati.<\/p>\t\t\t\t\t\t\t\t<\/div>\n\t\t\t\t<\/div>\n\t\t\t\t<div class=\"elementor-element elementor-element-784bfbd elementor-widget elementor-widget-heading\" data-id=\"784bfbd\" data-element_type=\"widget\" data-widget_type=\"heading.default\">\n\t\t\t\t<div class=\"elementor-widget-container\">\n\t\t\t\t\t<h3 class=\"elementor-heading-title elementor-size-default\">i tuoi diritti<\/h3>\t\t\t\t<\/div>\n\t\t\t\t<\/div>\n\t\t\t\t<div class=\"elementor-element elementor-element-f78c185 elementor-widget elementor-widget-text-editor\" data-id=\"f78c185\" data-element_type=\"widget\" data-widget_type=\"text-editor.default\">\n\t\t\t\t<div class=\"elementor-widget-container\">\n\t\t\t\t\t\t\t\t\t<p>Hai i seguenti diritti:<\/p><ul><li>Diritto di accesso ai tuoi dati personali;<\/li><li>Diritto di rettifica dei tuoi dati personali se sono inesatti o incompleti;<\/li><li>Diritto di limitazione nelle condizioni previste dall&rsquo;articolo 18 del regolamento europeo;<\/li><li>Diritto alla cancellazione dei tuoi dati personali se: Ritiri il tuo consenso per i trattamenti soggetti a consenso (es. marketing); Ti opponi validamente al trattamento; Sono stati trattati illecitamente; O una legge lo richiede.<\/li><li>Diritto di opposizione per motivi legittimi,<\/li><li>Diritto alla portabilit\u00e0 dei dati.<\/li><\/ul>\t\t\t\t\t\t\t\t<\/div>\n\t\t\t\t<\/div>\n\t\t\t\t\t<\/div>\n\t\t<\/div>\n\t\t\t\t\t<\/div>\n\t\t<\/section>\n\t\t\t\t<\/div>\n\t\t","protected":false},"excerpt":{"rendered":"<p>Politica sulla privacy Sarah Gellini attribuisce grande importanza alla protezione della privacy e dei dati personali. Conformemente al regolamento europeo 2016\/679 del 26 aprile 2016 e alla legge \u00ab\u00a0Informatica e libert\u00e0\u00a0\u00bb del 6 gennaio 1978, modificata, Sarah Gellini assume forti impegni nei confronti delle persone interessate. Si ricorda che tutte le informazioni raccolte sul Sito [&hellip;]<\/p>\n","protected":false},"author":2,"featured_media":0,"parent":0,"menu_order":0,"comment_status":"closed","ping_status":"open","template":"","meta":{"footnotes":""},"yoast_head":"<!-- This site is optimized with the Yoast SEO plugin v24.5 - https:\/\/yoast.com\/wordpress\/plugins\/seo\/ -->\n<title>Politica sulla privacy - Sarah Gellini<\/title>\n<meta name=\"robots\" content=\"index, follow, max-snippet:-1, max-image-preview:large, max-video-preview:-1\" \/>\n<link rel=\"canonical\" href=\"https:\/\/sarahgellini.com\/index.php\/it\/politica-sulla-privacy\/\" \/>\n<meta property=\"og:locale\" content=\"fr_FR\" \/>\n<meta property=\"og:type\" content=\"article\" \/>\n<meta property=\"og:title\" content=\"Politica sulla privacy - Sarah Gellini\" \/>\n<meta property=\"og:description\" content=\"Politica sulla privacy Sarah Gellini attribuisce grande importanza alla protezione della privacy e dei dati personali. Conformemente al regolamento europeo 2016\/679 del 26 aprile 2016 e alla legge \u00ab\u00a0Informatica e libert\u00e0\u00a0\u00bb del 6 gennaio 1978, modificata, Sarah Gellini assume forti impegni nei confronti delle persone interessate. Si ricorda che tutte le informazioni raccolte sul Sito [&hellip;]\" \/>\n<meta property=\"og:url\" content=\"https:\/\/sarahgellini.com\/index.php\/it\/politica-sulla-privacy\/\" \/>\n<meta property=\"og:site_name\" content=\"Sarah Gellini\" \/>\n<meta property=\"article:publisher\" content=\"https:\/\/www.facebook.com\/sarah.gellini\" \/>\n<meta property=\"article:modified_time\" content=\"2023-11-01T17:01:28+00:00\" \/>\n<meta name=\"twitter:card\" content=\"summary_large_image\" \/>\n<meta name=\"twitter:label1\" content=\"Dur\u00e9e de lecture estim\u00e9e\" \/>\n\t<meta name=\"twitter:data1\" content=\"3 minutes\" \/>\n<script type=\"application\/ld+json\" class=\"yoast-schema-graph\">{\"@context\":\"https:\/\/schema.org\",\"@graph\":[{\"@type\":\"WebPage\",\"@id\":\"https:\/\/sarahgellini.com\/index.php\/it\/politica-sulla-privacy\/\",\"url\":\"https:\/\/sarahgellini.com\/index.php\/it\/politica-sulla-privacy\/\",\"name\":\"Politica sulla privacy - Sarah Gellini\",\"isPartOf\":{\"@id\":\"https:\/\/sarahgellini.com\/#website\"},\"datePublished\":\"2023-11-01T16:58:22+00:00\",\"dateModified\":\"2023-11-01T17:01:28+00:00\",\"breadcrumb\":{\"@id\":\"https:\/\/sarahgellini.com\/index.php\/it\/politica-sulla-privacy\/#breadcrumb\"},\"inLanguage\":\"fr-FR\",\"potentialAction\":[{\"@type\":\"ReadAction\",\"target\":[\"https:\/\/sarahgellini.com\/index.php\/it\/politica-sulla-privacy\/\"]}]},{\"@type\":\"BreadcrumbList\",\"@id\":\"https:\/\/sarahgellini.com\/index.php\/it\/politica-sulla-privacy\/#breadcrumb\",\"itemListElement\":[{\"@type\":\"ListItem\",\"position\":1,\"name\":\"Accueil\",\"item\":\"https:\/\/sarahgellini.com\/\"},{\"@type\":\"ListItem\",\"position\":2,\"name\":\"Politica sulla privacy\"}]},{\"@type\":\"WebSite\",\"@id\":\"https:\/\/sarahgellini.com\/#website\",\"url\":\"https:\/\/sarahgellini.com\/\",\"name\":\"Sarah Gellini\",\"description\":\"Chanteuse-auteure-interpr\u00e8te - Chansons fran\u00e7aises et italiennes\",\"publisher\":{\"@id\":\"https:\/\/sarahgellini.com\/#organization\"},\"potentialAction\":[{\"@type\":\"SearchAction\",\"target\":{\"@type\":\"EntryPoint\",\"urlTemplate\":\"https:\/\/sarahgellini.com\/?s={search_term_string}\"},\"query-input\":{\"@type\":\"PropertyValueSpecification\",\"valueRequired\":true,\"valueName\":\"search_term_string\"}}],\"inLanguage\":\"fr-FR\"},{\"@type\":\"Organization\",\"@id\":\"https:\/\/sarahgellini.com\/#organization\",\"name\":\"Sarah Gellini\",\"url\":\"https:\/\/sarahgellini.com\/\",\"logo\":{\"@type\":\"ImageObject\",\"inLanguage\":\"fr-FR\",\"@id\":\"https:\/\/sarahgellini.com\/#\/schema\/logo\/image\/\",\"url\":\"https:\/\/sarahgellini.com\/wp-content\/uploads\/2023\/09\/Sarah-Gellini_white_high-res-copie-scaled.webp\",\"contentUrl\":\"https:\/\/sarahgellini.com\/wp-content\/uploads\/2023\/09\/Sarah-Gellini_white_high-res-copie-scaled.webp\",\"width\":2560,\"height\":1707,\"caption\":\"Sarah Gellini\"},\"image\":{\"@id\":\"https:\/\/sarahgellini.com\/#\/schema\/logo\/image\/\"},\"sameAs\":[\"https:\/\/www.facebook.com\/sarah.gellini\",\"https:\/\/www.instagram.com\/sarah_gellini\/\",\"https:\/\/www.youtube.com\/@sarahgellini\",\"https:\/\/www.tiktok.com\/@sarahgellini\"]}]}<\/script>\n<!-- \/ Yoast SEO plugin. -->","yoast_head_json":{"title":"Politica sulla privacy - Sarah Gellini","robots":{"index":"index","follow":"follow","max-snippet":"max-snippet:-1","max-image-preview":"max-image-preview:large","max-video-preview":"max-video-preview:-1"},"canonical":"https:\/\/sarahgellini.com\/index.php\/it\/politica-sulla-privacy\/","og_locale":"fr_FR","og_type":"article","og_title":"Politica sulla privacy - Sarah Gellini","og_description":"Politica sulla privacy Sarah Gellini attribuisce grande importanza alla protezione della privacy e dei dati personali. Conformemente al regolamento europeo 2016\/679 del 26 aprile 2016 e alla legge \u00ab\u00a0Informatica e libert\u00e0\u00a0\u00bb del 6 gennaio 1978, modificata, Sarah Gellini assume forti impegni nei confronti delle persone interessate. Si ricorda che tutte le informazioni raccolte sul Sito [&hellip;]","og_url":"https:\/\/sarahgellini.com\/index.php\/it\/politica-sulla-privacy\/","og_site_name":"Sarah Gellini","article_publisher":"https:\/\/www.facebook.com\/sarah.gellini","article_modified_time":"2023-11-01T17:01:28+00:00","twitter_card":"summary_large_image","twitter_misc":{"Dur\u00e9e de lecture estim\u00e9e":"3 minutes"},"schema":{"@context":"https:\/\/schema.org","@graph":[{"@type":"WebPage","@id":"https:\/\/sarahgellini.com\/index.php\/it\/politica-sulla-privacy\/","url":"https:\/\/sarahgellini.com\/index.php\/it\/politica-sulla-privacy\/","name":"Politica sulla privacy - Sarah Gellini","isPartOf":{"@id":"https:\/\/sarahgellini.com\/#website"},"datePublished":"2023-11-01T16:58:22+00:00","dateModified":"2023-11-01T17:01:28+00:00","breadcrumb":{"@id":"https:\/\/sarahgellini.com\/index.php\/it\/politica-sulla-privacy\/#breadcrumb"},"inLanguage":"fr-FR","potentialAction":[{"@type":"ReadAction","target":["https:\/\/sarahgellini.com\/index.php\/it\/politica-sulla-privacy\/"]}]},{"@type":"BreadcrumbList","@id":"https:\/\/sarahgellini.com\/index.php\/it\/politica-sulla-privacy\/#breadcrumb","itemListElement":[{"@type":"ListItem","position":1,"name":"Accueil","item":"https:\/\/sarahgellini.com\/"},{"@type":"ListItem","position":2,"name":"Politica sulla privacy"}]},{"@type":"WebSite","@id":"https:\/\/sarahgellini.com\/#website","url":"https:\/\/sarahgellini.com\/","name":"Sarah Gellini","description":"Chanteuse-auteure-interpr\u00e8te - Chansons fran\u00e7aises et italiennes","publisher":{"@id":"https:\/\/sarahgellini.com\/#organization"},"potentialAction":[{"@type":"SearchAction","target":{"@type":"EntryPoint","urlTemplate":"https:\/\/sarahgellini.com\/?s={search_term_string}"},"query-input":{"@type":"PropertyValueSpecification","valueRequired":true,"valueName":"search_term_string"}}],"inLanguage":"fr-FR"},{"@type":"Organization","@id":"https:\/\/sarahgellini.com\/#organization","name":"Sarah Gellini","url":"https:\/\/sarahgellini.com\/","logo":{"@type":"ImageObject","inLanguage":"fr-FR","@id":"https:\/\/sarahgellini.com\/#\/schema\/logo\/image\/","url":"https:\/\/sarahgellini.com\/wp-content\/uploads\/2023\/09\/Sarah-Gellini_white_high-res-copie-scaled.webp","contentUrl":"https:\/\/sarahgellini.com\/wp-content\/uploads\/2023\/09\/Sarah-Gellini_white_high-res-copie-scaled.webp","width":2560,"height":1707,"caption":"Sarah Gellini"},"image":{"@id":"https:\/\/sarahgellini.com\/#\/schema\/logo\/image\/"},"sameAs":["https:\/\/www.facebook.com\/sarah.gellini","https:\/\/www.instagram.com\/sarah_gellini\/","https:\/\/www.youtube.com\/@sarahgellini","https:\/\/www.tiktok.com\/@sarahgellini"]}]}},"_links":{"self":[{"href":"https:\/\/sarahgellini.com\/index.php\/wp-json\/wp\/v2\/pages\/873"}],"collection":[{"href":"https:\/\/sarahgellini.com\/index.php\/wp-json\/wp\/v2\/pages"}],"about":[{"href":"https:\/\/sarahgellini.com\/index.php\/wp-json\/wp\/v2\/types\/page"}],"author":[{"embeddable":true,"href":"https:\/\/sarahgellini.com\/index.php\/wp-json\/wp\/v2\/users\/2"}],"replies":[{"embeddable":true,"href":"https:\/\/sarahgellini.com\/index.php\/wp-json\/wp\/v2\/comments?post=873"}],"version-history":[{"count":4,"href":"https:\/\/sarahgellini.com\/index.php\/wp-json\/wp\/v2\/pages\/873\/revisions"}],"predecessor-version":[{"id":877,"href":"https:\/\/sarahgellini.com\/index.php\/wp-json\/wp\/v2\/pages\/873\/revisions\/877"}],"wp:attachment":[{"href":"https:\/\/sarahgellini.com\/index.php\/wp-json\/wp\/v2\/media?parent=873"}],"curies":[{"name":"wp","href":"https:\/\/api.w.org\/{rel}","templated":true}]}}